{"id":88,"date":"2021-10-23T21:09:02","date_gmt":"2021-10-23T19:09:02","guid":{"rendered":"http:\/\/nazwy.etnomuzeum.pl\/?page_id=88"},"modified":"2021-10-26T20:47:05","modified_gmt":"2021-10-26T18:47:05","slug":"idea","status":"publish","type":"page","link":"http:\/\/nazwy.etnomuzeum.pl\/?page_id=88","title":{"rendered":"idea"},"content":{"rendered":"[vc_row type=&#8221;full_width_content&#8221; full_screen_row_position=&#8221;middle&#8221; column_margin=&#8221;default&#8221; column_direction=&#8221;default&#8221; column_direction_tablet=&#8221;default&#8221; column_direction_phone=&#8221;default&#8221; bg_image=&#8221;262&#8243; bg_position=&#8221;left top&#8221; background_image_loading=&#8221;default&#8221; bg_repeat=&#8221;no-repeat&#8221; scene_position=&#8221;center&#8221; text_color=&#8221;dark&#8221; text_align=&#8221;left&#8221; row_border_radius=&#8221;none&#8221; row_border_radius_applies=&#8221;bg&#8221; overlay_strength=&#8221;0.3&#8243; gradient_direction=&#8221;left_to_right&#8221; shape_divider_position=&#8221;bottom&#8221; bg_image_animation=&#8221;none&#8221; shape_type=&#8221;&#8221;][vc_column column_padding=&#8221;no-extra-padding&#8221; column_padding_tablet=&#8221;inherit&#8221; column_padding_phone=&#8221;inherit&#8221; column_padding_position=&#8221;all&#8221; column_element_spacing=&#8221;default&#8221; background_color_opacity=&#8221;1&#8243; background_hover_color_opacity=&#8221;1&#8243; column_shadow=&#8221;none&#8221; column_border_radius=&#8221;none&#8221; column_link_target=&#8221;_self&#8221; gradient_direction=&#8221;left_to_right&#8221; overlay_strength=&#8221;0.3&#8243; width=&#8221;1\/1&#8243; tablet_width_inherit=&#8221;default&#8221; tablet_text_alignment=&#8221;default&#8221; phone_text_alignment=&#8221;default&#8221; bg_image_animation=&#8221;none&#8221; border_type=&#8221;simple&#8221; column_border_width=&#8221;none&#8221; column_border_style=&#8221;solid&#8221;][image_with_animation image_url=&#8221;261&#8243; animation=&#8221;Fade In&#8221; hover_animation=&#8221;none&#8221; alignment=&#8221;center&#8221; border_radius=&#8221;none&#8221; box_shadow=&#8221;none&#8221; image_loading=&#8221;default&#8221; max_width=&#8221;custom&#8221; max_width_custom=&#8221;1425&#8243;][\/vc_column][\/vc_row][vc_row type=&#8221;in_container&#8221; full_screen_row_position=&#8221;middle&#8221; column_margin=&#8221;default&#8221; column_direction=&#8221;default&#8221; column_direction_tablet=&#8221;default&#8221; column_direction_phone=&#8221;default&#8221; scene_position=&#8221;center&#8221; top_padding=&#8221;60&#8243; bottom_padding=&#8221;45&#8243; text_color=&#8221;dark&#8221; text_align=&#8221;left&#8221; row_border_radius=&#8221;none&#8221; row_border_radius_applies=&#8221;bg&#8221; overlay_strength=&#8221;0.3&#8243; gradient_direction=&#8221;left_to_right&#8221; shape_divider_position=&#8221;bottom&#8221; bg_image_animation=&#8221;none&#8221; shape_type=&#8221;&#8221;][vc_column column_padding=&#8221;no-extra-padding&#8221; column_padding_tablet=&#8221;inherit&#8221; column_padding_phone=&#8221;inherit&#8221; column_padding_position=&#8221;all&#8221; column_element_spacing=&#8221;0px&#8221; background_color_opacity=&#8221;1&#8243; background_hover_color_opacity=&#8221;1&#8243; column_shadow=&#8221;none&#8221; column_border_radius=&#8221;none&#8221; column_link_target=&#8221;_self&#8221; gradient_direction=&#8221;left_to_right&#8221; overlay_strength=&#8221;0.3&#8243; width=&#8221;1\/1&#8243; tablet_width_inherit=&#8221;default&#8221; tablet_text_alignment=&#8221;default&#8221; phone_text_alignment=&#8221;default&#8221; bg_image_animation=&#8221;none&#8221; border_type=&#8221;simple&#8221; column_border_width=&#8221;none&#8221; column_border_style=&#8221;solid&#8221;][vc_column_text]\n<h4 style=\"text-align: center;\"><span style=\"color: #999999;\">Nazwy miejscowe w wojew\u00f3dztwie kujawsko-pomorskim<\/span><\/h4>\n[\/vc_column_text][divider line_type=&#8221;No Line&#8221; custom_height=&#8221;15&#8243;][vc_column_text]\n<h5 class=\"p2\" style=\"text-align: center;\"><span style=\"color: #345488;\"><b>Idea ochrony nazw miejscowych. Zagro\u017cenia i wskaz\u00f3wki<\/b><\/span><\/h5>\n[\/vc_column_text][\/vc_column][\/vc_row][vc_row type=&#8221;in_container&#8221; full_screen_row_position=&#8221;middle&#8221; column_margin=&#8221;default&#8221; column_direction=&#8221;default&#8221; column_direction_tablet=&#8221;default&#8221; column_direction_phone=&#8221;default&#8221; scene_position=&#8221;center&#8221; text_color=&#8221;dark&#8221; text_align=&#8221;left&#8221; row_border_radius=&#8221;none&#8221; row_border_radius_applies=&#8221;bg&#8221; overlay_strength=&#8221;0.3&#8243; gradient_direction=&#8221;left_to_right&#8221; shape_divider_position=&#8221;bottom&#8221; bg_image_animation=&#8221;none&#8221;][vc_column column_padding=&#8221;no-extra-padding&#8221; column_padding_tablet=&#8221;inherit&#8221; column_padding_phone=&#8221;inherit&#8221; column_padding_position=&#8221;all&#8221; column_element_spacing=&#8221;default&#8221; background_color_opacity=&#8221;1&#8243; background_hover_color_opacity=&#8221;1&#8243; column_shadow=&#8221;none&#8221; column_border_radius=&#8221;none&#8221; column_link_target=&#8221;_self&#8221; gradient_direction=&#8221;left_to_right&#8221; overlay_strength=&#8221;0.3&#8243; width=&#8221;1\/1&#8243; tablet_width_inherit=&#8221;default&#8221; tablet_text_alignment=&#8221;default&#8221; phone_text_alignment=&#8221;default&#8221; bg_image_animation=&#8221;none&#8221; border_type=&#8221;simple&#8221; column_border_width=&#8221;none&#8221; column_border_style=&#8221;solid&#8221;][vc_column_text]\n<p class=\"p3\"><span class=\"s1\">U<\/span>powszechnianie idei ochrony zabytkowego nazewnictwa i kszta\u0142towanie \u015bwiadomo\u015bci spo\u0142ecznej na temat warto\u015bci historycznej jest niezb\u0119dnym elementem dziedzictwa kulturowego regionu.<\/p>\n<p class=\"p1\"><span class=\"s2\">W ostatnich kilkudziesi\u0119ciu latach, bardzo cz\u0119sto dochodzi\u0142o do zmian nazw historycznych w przestrzeni naszych miast, wsi i osiedli. Dotyczy to szczeg\u00f3lnie nazw <\/span>ulic, plac\u00f3w i dzielnic, kt\u00f3re by\u0142y i s\u0105 wci\u0105\u017c nara\u017cone na przeobra\u017cenia, m.in. z powodu do\u015b\u0107 swobodnego ich traktowania przez urz\u0119dnik\u00f3w i w\u0142adze lokalne. Tym samym wiele nazw zabytkowych, cz\u0119sto utworzonych spontanicznie przez samych mieszka\u0144c\u00f3w z motywacji realnoznaczeniowej i informacyjnej, zosta\u0142o zast\u0105pionych eponimami. Przy ich powstaniu kierowano si\u0119 kryterium pami\u0105tkowym, presti\u017cowym, koniunkturalnym lub politycznym. Ostatnio, zw\u0142aszcza gdy dochodzi do tworzenia nazw na nowych osiedlach, coraz wi\u0119ksze znaczenie ma kryterium estetyczne. Wobec takiego nurtu zmian powsta\u0142o zagro\u017cenie eliminacji tradycyjnych nazw zwyczajowych, zar\u00f3wno na terenach miejskich i wiejskich. W\u0142adze samorz\u0105dowe i spo\u0142eczno\u015bci lokalne na og\u00f3\u0142 nie dostrzegaj\u0105 bowiem warto\u015bci tego nazewnictwa i nie widz\u0105 potrzeby jego zachowania.<\/p>\n[\/vc_column_text][\/vc_column][\/vc_row][vc_row type=&#8221;in_container&#8221; full_screen_row_position=&#8221;middle&#8221; column_margin=&#8221;default&#8221; column_direction=&#8221;default&#8221; column_direction_tablet=&#8221;default&#8221; column_direction_phone=&#8221;default&#8221; scene_position=&#8221;center&#8221; bottom_padding=&#8221;15&#8243; text_color=&#8221;dark&#8221; text_align=&#8221;left&#8221; row_border_radius=&#8221;none&#8221; row_border_radius_applies=&#8221;bg&#8221; overlay_strength=&#8221;0.3&#8243; gradient_direction=&#8221;left_to_right&#8221; shape_divider_position=&#8221;bottom&#8221; bg_image_animation=&#8221;none&#8221; shape_type=&#8221;&#8221;][vc_column column_padding=&#8221;no-extra-padding&#8221; column_padding_tablet=&#8221;inherit&#8221; column_padding_phone=&#8221;inherit&#8221; column_padding_position=&#8221;all&#8221; column_element_spacing=&#8221;default&#8221; background_color_opacity=&#8221;1&#8243; background_hover_color_opacity=&#8221;1&#8243; column_shadow=&#8221;none&#8221; column_border_radius=&#8221;none&#8221; column_link_target=&#8221;_self&#8221; gradient_direction=&#8221;left_to_right&#8221; overlay_strength=&#8221;0.3&#8243; width=&#8221;1\/1&#8243; tablet_width_inherit=&#8221;default&#8221; tablet_text_alignment=&#8221;default&#8221; phone_text_alignment=&#8221;default&#8221; bg_image_animation=&#8221;none&#8221; border_type=&#8221;simple&#8221; column_border_width=&#8221;none&#8221; column_border_style=&#8221;solid&#8221;][vc_column_text]\n<p class=\"p1\">Negatywne zmiany w nazewnictwie prowadz\u0105 wi\u0119c do zaniku nazw realnoznaczeniowych odwo\u0142uj\u0105cych si\u0119 do miejscowej topografii i nazw kulturowo-historycznych zgodnych z lokalnymi tradycjami. Dochodzi r\u00f3wnie\u017c do wykre\u015blenia nazw dzielnic, osad i wsi opuszczonych lub wyludnionych, a tak\u017ce do skracania lub poprawiania nazw przy r\u00f3wnoczesnym wprowadzaniu nowych, zupe\u0142nie oderwanych od reali\u00f3w miejscowego otoczenia i lokalnej historii. Szczeg\u00f3lnie widoczny jest tu progres eponim\u00f3w oraz nazw abstrakcyjnych i fantazyjnych. Niezwykle wa\u017cnym aspektem ochrony nazw jest problem pami\u0119ci. Z ich przekazu, jak z kronik lub starych fotografii, odczytujemy tre\u015bci, kt\u00f3re uleg\u0142y rozpadowi, zagin\u0119\u0142y, zosta\u0142y porzucone lub zapomniane.<\/p>\n[\/vc_column_text][\/vc_column][\/vc_row][vc_row type=&#8221;in_container&#8221; full_screen_row_position=&#8221;middle&#8221; column_margin=&#8221;default&#8221; column_direction=&#8221;default&#8221; column_direction_tablet=&#8221;default&#8221; column_direction_phone=&#8221;default&#8221; scene_position=&#8221;center&#8221; bottom_padding=&#8221;60&#8243; text_color=&#8221;dark&#8221; text_align=&#8221;left&#8221; row_border_radius=&#8221;none&#8221; row_border_radius_applies=&#8221;bg&#8221; overlay_strength=&#8221;0.3&#8243; gradient_direction=&#8221;left_to_right&#8221; shape_divider_position=&#8221;bottom&#8221; bg_image_animation=&#8221;none&#8221; shape_type=&#8221;&#8221;][vc_column column_padding=&#8221;no-extra-padding&#8221; column_padding_tablet=&#8221;inherit&#8221; column_padding_phone=&#8221;inherit&#8221; column_padding_position=&#8221;all&#8221; column_element_spacing=&#8221;default&#8221; background_color_opacity=&#8221;1&#8243; background_hover_color_opacity=&#8221;1&#8243; column_shadow=&#8221;none&#8221; column_border_radius=&#8221;none&#8221; column_link_target=&#8221;_self&#8221; gradient_direction=&#8221;left_to_right&#8221; overlay_strength=&#8221;0.3&#8243; width=&#8221;1\/1&#8243; tablet_width_inherit=&#8221;default&#8221; tablet_text_alignment=&#8221;default&#8221; phone_text_alignment=&#8221;default&#8221; bg_image_animation=&#8221;none&#8221; border_type=&#8221;simple&#8221; column_border_width=&#8221;none&#8221; column_border_style=&#8221;solid&#8221;][vc_gallery type=&#8221;nectarslider_style&#8221; images=&#8221;278,312,276,279&#8243; image_loading=&#8221;default&#8221; disable_auto_rotate=&#8221;true&#8221; bullet_navigation=&#8221;true&#8221; bullet_navigation_style=&#8221;see_through&#8221; onclick=&#8221;link_image&#8221; img_size=&#8221;500&#215;650&#8243;][\/vc_column][\/vc_row][vc_row type=&#8221;in_container&#8221; full_screen_row_position=&#8221;middle&#8221; column_margin=&#8221;default&#8221; column_direction=&#8221;default&#8221; column_direction_tablet=&#8221;default&#8221; column_direction_phone=&#8221;default&#8221; scene_position=&#8221;center&#8221; text_color=&#8221;dark&#8221; text_align=&#8221;left&#8221; row_border_radius=&#8221;none&#8221; row_border_radius_applies=&#8221;bg&#8221; overlay_strength=&#8221;0.3&#8243; gradient_direction=&#8221;left_to_right&#8221; shape_divider_position=&#8221;bottom&#8221; bg_image_animation=&#8221;none&#8221;][vc_column column_padding=&#8221;no-extra-padding&#8221; column_padding_tablet=&#8221;inherit&#8221; column_padding_phone=&#8221;inherit&#8221; column_padding_position=&#8221;all&#8221; column_element_spacing=&#8221;default&#8221; background_color_opacity=&#8221;1&#8243; background_hover_color_opacity=&#8221;1&#8243; column_shadow=&#8221;none&#8221; column_border_radius=&#8221;none&#8221; column_link_target=&#8221;_self&#8221; gradient_direction=&#8221;left_to_right&#8221; overlay_strength=&#8221;0.3&#8243; width=&#8221;1\/1&#8243; tablet_width_inherit=&#8221;default&#8221; tablet_text_alignment=&#8221;default&#8221; phone_text_alignment=&#8221;default&#8221; bg_image_animation=&#8221;none&#8221; border_type=&#8221;simple&#8221; column_border_width=&#8221;none&#8221; column_border_style=&#8221;solid&#8221;][vc_column_text]\n<h3><span style=\"color: #808080;\">Przyk\u0142ady zachowania tradycyjnych nazw ulic, plac\u00f3w i dzielnic itd. oraz zamiany na nowe<span class=\"Apple-converted-space\">\u00a0 <\/span>nietradycyjne nazwy:<\/span><\/h3>\n[\/vc_column_text][\/vc_column][\/vc_row][vc_row type=&#8221;in_container&#8221; full_screen_row_position=&#8221;middle&#8221; column_margin=&#8221;default&#8221; column_direction=&#8221;default&#8221; column_direction_tablet=&#8221;default&#8221; column_direction_phone=&#8221;default&#8221; scene_position=&#8221;center&#8221; bottom_padding=&#8221;200&#8243; text_color=&#8221;dark&#8221; text_align=&#8221;left&#8221; row_border_radius=&#8221;none&#8221; row_border_radius_applies=&#8221;bg&#8221; overlay_strength=&#8221;0.3&#8243; gradient_direction=&#8221;left_to_right&#8221; shape_divider_position=&#8221;bottom&#8221; bg_image_animation=&#8221;none&#8221; shape_type=&#8221;&#8221;][vc_column column_padding=&#8221;no-extra-padding&#8221; column_padding_tablet=&#8221;inherit&#8221; column_padding_phone=&#8221;inherit&#8221; column_padding_position=&#8221;all&#8221; column_element_spacing=&#8221;default&#8221; background_color_opacity=&#8221;1&#8243; background_hover_color_opacity=&#8221;1&#8243; column_shadow=&#8221;none&#8221; column_border_radius=&#8221;none&#8221; column_link_target=&#8221;_self&#8221; gradient_direction=&#8221;left_to_right&#8221; overlay_strength=&#8221;0.3&#8243; width=&#8221;1\/2&#8243; tablet_width_inherit=&#8221;default&#8221; tablet_text_alignment=&#8221;default&#8221; phone_text_alignment=&#8221;default&#8221; bg_image_animation=&#8221;none&#8221; border_type=&#8221;simple&#8221; column_border_width=&#8221;none&#8221; column_border_style=&#8221;solid&#8221;][vc_column_text]\n<p class=\"p2\"><span style=\"color: #000000;\"><strong>Przyk\u0142ady zachowania tradycyjnych nazw ulic,<br \/>\nplac\u00f3w i dzielnic itd.<\/strong><\/span><\/p>\n<p>ul. Dolna (Wi\u0119cbork, Krajna)<br \/>\nDo\u0142y<i> <\/i>(Dobrzy\u0144 n. Wis\u0142\u0105, ziemia dobrzy\u0144ska)<br \/>\nul. Cmentarna (Kcynia, Pa\u0142uki)<br \/>\nul. Flisacka (Z\u0142otoria, ziemia dobrzy\u0144ska)<br \/>\nul. Fosa Staromiejska (Toru\u0144)<br \/>\nul. G\u00f3rna (Wi\u0119cbork, Krajna)<br \/>\nul. Jeziorna (S\u0119p\u00f3lno Kraje\u0144skie, Krajna)<br \/>\nul. Klasztorna (\u015awiecie, Kociewie)<br \/>\nul. Ko\u015bcielna (Tuchola)<br \/>\nul. Kr\u0119ta (Brodnica)<br \/>\nul. Le\u015bna (S\u0119p\u00f3lno Kraje\u0144skie, Krajna)<br \/>\nul. M\u0142y\u0144ska (\u015awiecie, Kociewie)<br \/>\nul. Mostowa (Toru\u0144)<br \/>\nul. Murowa (Tuchola)<br \/>\nul. Na Prze\u0142aj (Toru\u0144-Kaszczorek)<br \/>\nul. Nad Kicz\u0105 (Tuchola)<br \/>\nul. Nad Drw\u0119c\u0105 (Brodnica)<br \/>\nul. Ogrodowa (Toru\u0144)<br \/>\nPl. Zamkowy (Nak\u0142o n. Noteci\u0105, Krajna)<br \/>\nul. Pod G\u00f3r\u0119 (Tuchola)<br \/>\nul. Podg\u00f3rna (Toru\u0144)<br \/>\nul. Polna (Brodnica-Micha\u0142owo)<br \/>\nul. P\u00f3\u0142wiejska (Nak\u0142o n. Noteci\u0105, Krajna)<br \/>\nul. Przedzamcze (Toru\u0144)<br \/>\nul. Przeskok (Nieszawa, Kujawy)<br \/>\nul. Przesmyk (Toru\u0144-Podg\u00f3rz)<br \/>\nul. Promowa (Nowa Wie\u015b, ziemia dobrzy\u0144ska)<br \/>\nul. Przy Bo\u017cnicy (Bydgoszcz-Fordon)<br \/>\nul. Przy Tartaku (Bydgoszcz-Fordon)<br \/>\nul. Rybacka (Grudzi\u0105dz)<br \/>\nul. Rybaki (Toru\u0144)<br \/>\nul. Rynkowa<span class=\"Apple-converted-space\">\u00a0 <\/span>(Tuchola)<br \/>\nul. Rzeczna (S\u0119p\u00f3lno Kraje\u0144skie, Krajna)<br \/>\nul. Stroma (Wi\u0119cbork, Krajna)<br \/>\nul. Targowa (Toru\u0144; S\u0119p\u00f3lno Kraje\u0144skie, Krajna)<br \/>\nul. Wiatrakowa (S\u0119p\u00f3lno Kraje\u0144skie, Krajna)<br \/>\nul. Wa\u0142owa (Tuchola)<br \/>\nul. Wodna (\u015awiecie, Kociewie)<br \/>\nul. Zamkowa (Dobrzy\u0144 n. Wis\u0142\u0105, ziemia dobrzy\u0144ska)<br \/>\nosiedle Zazamcze (W\u0142oc\u0142awek, Kujawy)[\/vc_column_text][\/vc_column][vc_column column_padding=&#8221;no-extra-padding&#8221; column_padding_tablet=&#8221;inherit&#8221; column_padding_phone=&#8221;inherit&#8221; column_padding_position=&#8221;all&#8221; column_element_spacing=&#8221;default&#8221; background_color_opacity=&#8221;1&#8243; background_hover_color_opacity=&#8221;1&#8243; column_shadow=&#8221;none&#8221; column_border_radius=&#8221;none&#8221; column_link_target=&#8221;_self&#8221; gradient_direction=&#8221;left_to_right&#8221; overlay_strength=&#8221;0.3&#8243; width=&#8221;1\/2&#8243; tablet_width_inherit=&#8221;default&#8221; tablet_text_alignment=&#8221;default&#8221; phone_text_alignment=&#8221;default&#8221; bg_image_animation=&#8221;none&#8221; border_type=&#8221;simple&#8221; column_border_width=&#8221;none&#8221; column_border_style=&#8221;solid&#8221;][vc_column_text]<span style=\"color: #000000;\"><strong>Przyk\u0142ady zmiany tradycyjnych nazw<br \/>\nmiejscowych na nowe nazwy<\/strong><\/span><\/p>\n<p>Bulwary 500-lecia, dawna ul. Nabrze\u017cna (Nieszawa, Kujawy)<br \/>\nBulwar Filadelfijski, dawna ul. Nadbrze\u017cna (Toru\u0144)<br \/>\nBrzezina (osiedle), dawniej Owocowe Planty (Toru\u0144)<br \/>\nul. Gagarina, dawna ul. Biela\u0144ska (Toru\u0144)<br \/>\nJar (osiedle), dawne Ugory (Toru\u0144)<br \/>\nul. Kocha\u0144skiego, dawna ul. Stod\u00f3lna (Dobrzy\u0144 n. Wis\u0142\u0105, ziemia dobrzy\u0144ska)<br \/>\nul. Kopernika, dawna ul. Cukrowa (Brodnica)<br \/>\nul. \u015alusarska, dawna ul. Krzy\u017cacka (Toru\u0144)<br \/>\nul. Ko\u015bciuszki, dawna ul. Zdu\u0144ska (Nieszawa, Kujawy)<br \/>\nul. Fantazyjna, dawny Kunort (Toru\u0144-Kaszczorek)<br \/>\nul. Ga\u0142czy\u0144skiego, dawna ul. Cmentarna\/\u015bw. Jerzego (Toru\u0144)<br \/>\nul. Kon-Tiki, dawna droga Na Ugory (Lulkowo, ziemia che\u0142mi\u0144ska)<br \/>\nul. \u015aw. Jakuba, dawniej ul. Piekarska (Brodnica)<br \/>\nul. Noakowskiego, dawna ul. Farna (Nieszawa, Kujawy)<br \/>\nPl. K. Jagiello\u0144czyka, dawny Rynek (Nieszawa, Kujawy)<br \/>\nPl. T. Ko\u015bciuszki, dawny Rynek (Chodecz, Kujawy)<br \/>\nul. ks. J. Popie\u0142uszki, dawna ul. Portowa (Toru\u0144)<br \/>\nul. Kili\u0144skiego, dawna ul. Podzamcza (Dobrzy\u0144 n. Wis\u0142\u0105, ziemia dobrzy\u0144ska)<br \/>\nul. W\u0105ska, dawniej ul. Spichlerna (Nieszawa, Kujawy)<br \/>\nul. Wojska Polskiego, dawniej Stod\u00f3lna (Chodecz, Kujawy)<br \/>\nul. Szkolna, dawna droga Tryfta (Z\u0142otoria, ziemia dobrzy\u0144ska)<br \/>\nul. Wojska Polskiego; dawna ul. Panie\u0144ska (Toru\u0144)<br \/>\nul. S\u0142u\u017cba Polsce, dawniej ul. Zjazd (Dobrzy\u0144 n. Wis\u0142\u0105, ziemia dobrzy\u0144ska)<br \/>\nul. Hallera, dawniej ul. \u017bydowska (Nak\u0142o n. Noteci\u0105, Krajna)[\/vc_column_text][divider line_type=&#8221;No Line&#8221; custom_height=&#8221;50&#8243;][image_with_animation image_url=&#8221;346&#8243; animation=&#8221;Fade In&#8221; hover_animation=&#8221;none&#8221; alignment=&#8221;center&#8221; border_radius=&#8221;none&#8221; box_shadow=&#8221;none&#8221; image_loading=&#8221;default&#8221; max_width=&#8221;100%&#8221; max_width_mobile=&#8221;default&#8221; img_link=&#8221;http:\/\/nazwy.etnomuzeum.pl\/wp-content\/uploads\/2021\/10\/Idea-ochrony-nazw-miejscowych-Ulotne-Tradycje.pdf&#8221; margin_right=&#8221;30&#8243;][\/vc_column][\/vc_row]\n","protected":false},"excerpt":{"rendered":"<p>[vc_row type=&#8221;full_width_content&#8221; full_screen_row_position=&#8221;middle&#8221; column_margin=&#8221;default&#8221; column_direction=&#8221;default&#8221; column_direction_tablet=&#8221;default&#8221; column_direction_phone=&#8221;default&#8221; bg_image=&#8221;262&#8243; bg_position=&#8221;left top&#8221; background_image_loading=&#8221;default&#8221; bg_repeat=&#8221;no-repeat&#8221; scene_position=&#8221;center&#8221; text_color=&#8221;dark&#8221; text_align=&#8221;left&#8221; row_border_radius=&#8221;none&#8221; row_border_radius_applies=&#8221;bg&#8221; overlay_strength=&#8221;0.3&#8243; gradient_direction=&#8221;left_to_right&#8221; shape_divider_position=&#8221;bottom&#8221; bg_image_animation=&#8221;none&#8221; shape_type=&#8221;&#8221;][vc_column column_padding=&#8221;no-extra-padding&#8221; column_padding_tablet=&#8221;inherit&#8221; column_padding_phone=&#8221;inherit&#8221; column_padding_position=&#8221;all&#8221; column_element_spacing=&#8221;default&#8221; background_color_opacity=&#8221;1&#8243; background_hover_color_opacity=&#8221;1&#8243; column_shadow=&#8221;none&#8221;&#8230;<\/p>\n","protected":false},"author":1,"featured_media":0,"parent":0,"menu_order":0,"comment_status":"closed","ping_status":"closed","template":"","meta":{"footnotes":""},"class_list":["post-88","page","type-page","status-publish"],"yoast_head":"<!-- This site is optimized with the Yoast SEO plugin v17.1 - https:\/\/yoast.com\/wordpress\/plugins\/seo\/ -->\n<title>idea - Muzeum Etnograficzne im. Marii Znamierowskiej-Prufferowej w Toruniu<\/title>\n<meta name=\"robots\" content=\"index, follow, max-snippet:-1, max-image-preview:large, max-video-preview:-1\" \/>\n<link rel=\"canonical\" href=\"http:\/\/nazwy.etnomuzeum.pl\/?page_id=88\" \/>\n<meta property=\"og:locale\" content=\"en_US\" \/>\n<meta property=\"og:type\" content=\"article\" \/>\n<meta property=\"og:title\" content=\"idea - Muzeum Etnograficzne im. Marii Znamierowskiej-Prufferowej w Toruniu\" \/>\n<meta property=\"og:description\" content=\"[vc_row type=&#8221;full_width_content&#8221; full_screen_row_position=&#8221;middle&#8221; column_margin=&#8221;default&#8221; column_direction=&#8221;default&#8221; column_direction_tablet=&#8221;default&#8221; column_direction_phone=&#8221;default&#8221; bg_image=&#8221;262&#8243; bg_position=&#8221;left top&#8221; background_image_loading=&#8221;default&#8221; bg_repeat=&#8221;no-repeat&#8221; scene_position=&#8221;center&#8221; text_color=&#8221;dark&#8221; text_align=&#8221;left&#8221; row_border_radius=&#8221;none&#8221; row_border_radius_applies=&#8221;bg&#8221; overlay_strength=&#8221;0.3&#8243; gradient_direction=&#8221;left_to_right&#8221; shape_divider_position=&#8221;bottom&#8221; bg_image_animation=&#8221;none&#8221; shape_type=&#8221;&#8221;][vc_column column_padding=&#8221;no-extra-padding&#8221; column_padding_tablet=&#8221;inherit&#8221; column_padding_phone=&#8221;inherit&#8221; column_padding_position=&#8221;all&#8221; column_element_spacing=&#8221;default&#8221; background_color_opacity=&#8221;1&#8243; background_hover_color_opacity=&#8221;1&#8243; column_shadow=&#8221;none&#8221;...\" \/>\n<meta property=\"og:url\" content=\"http:\/\/nazwy.etnomuzeum.pl\/?page_id=88\" \/>\n<meta property=\"og:site_name\" content=\"Muzeum Etnograficzne im. Marii Znamierowskiej-Prufferowej w Toruniu\" \/>\n<meta property=\"article:modified_time\" content=\"2021-10-26T18:47:05+00:00\" \/>\n<meta name=\"twitter:card\" content=\"summary_large_image\" \/>\n<meta name=\"twitter:label1\" content=\"Est. reading time\" \/>\n\t<meta name=\"twitter:data1\" content=\"10 minutes\" \/>\n<script type=\"application\/ld+json\" class=\"yoast-schema-graph\">{\"@context\":\"https:\/\/schema.org\",\"@graph\":[{\"@type\":\"WebSite\",\"@id\":\"http:\/\/nazwy.etnomuzeum.pl\/#website\",\"url\":\"http:\/\/nazwy.etnomuzeum.pl\/\",\"name\":\"Muzeum Etnograficzne im. Marii Znamierowskiej-Prufferowej w Toruniu\",\"description\":\"Dziedzictwo Niematerialne\/ Ulotne tradycje\",\"potentialAction\":[{\"@type\":\"SearchAction\",\"target\":{\"@type\":\"EntryPoint\",\"urlTemplate\":\"http:\/\/nazwy.etnomuzeum.pl\/?s={search_term_string}\"},\"query-input\":\"required name=search_term_string\"}],\"inLanguage\":\"en-US\"},{\"@type\":\"WebPage\",\"@id\":\"http:\/\/nazwy.etnomuzeum.pl\/?page_id=88#webpage\",\"url\":\"http:\/\/nazwy.etnomuzeum.pl\/?page_id=88\",\"name\":\"idea - Muzeum Etnograficzne im. Marii Znamierowskiej-Prufferowej w Toruniu\",\"isPartOf\":{\"@id\":\"http:\/\/nazwy.etnomuzeum.pl\/#website\"},\"datePublished\":\"2021-10-23T19:09:02+00:00\",\"dateModified\":\"2021-10-26T18:47:05+00:00\",\"breadcrumb\":{\"@id\":\"http:\/\/nazwy.etnomuzeum.pl\/?page_id=88#breadcrumb\"},\"inLanguage\":\"en-US\",\"potentialAction\":[{\"@type\":\"ReadAction\",\"target\":[\"http:\/\/nazwy.etnomuzeum.pl\/?page_id=88\"]}]},{\"@type\":\"BreadcrumbList\",\"@id\":\"http:\/\/nazwy.etnomuzeum.pl\/?page_id=88#breadcrumb\",\"itemListElement\":[{\"@type\":\"ListItem\",\"position\":1,\"name\":\"Home\",\"item\":\"http:\/\/nazwy.etnomuzeum.pl\/\"},{\"@type\":\"ListItem\",\"position\":2,\"name\":\"idea\"}]}]}<\/script>\n<!-- \/ Yoast SEO plugin. -->","yoast_head_json":{"title":"idea - Muzeum Etnograficzne im. Marii Znamierowskiej-Prufferowej w Toruniu","robots":{"index":"index","follow":"follow","max-snippet":"max-snippet:-1","max-image-preview":"max-image-preview:large","max-video-preview":"max-video-preview:-1"},"canonical":"http:\/\/nazwy.etnomuzeum.pl\/?page_id=88","og_locale":"en_US","og_type":"article","og_title":"idea - Muzeum Etnograficzne im. Marii Znamierowskiej-Prufferowej w Toruniu","og_description":"[vc_row type=&#8221;full_width_content&#8221; full_screen_row_position=&#8221;middle&#8221; column_margin=&#8221;default&#8221; column_direction=&#8221;default&#8221; column_direction_tablet=&#8221;default&#8221; column_direction_phone=&#8221;default&#8221; bg_image=&#8221;262&#8243; bg_position=&#8221;left top&#8221; background_image_loading=&#8221;default&#8221; bg_repeat=&#8221;no-repeat&#8221; scene_position=&#8221;center&#8221; text_color=&#8221;dark&#8221; text_align=&#8221;left&#8221; row_border_radius=&#8221;none&#8221; row_border_radius_applies=&#8221;bg&#8221; overlay_strength=&#8221;0.3&#8243; gradient_direction=&#8221;left_to_right&#8221; shape_divider_position=&#8221;bottom&#8221; bg_image_animation=&#8221;none&#8221; shape_type=&#8221;&#8221;][vc_column column_padding=&#8221;no-extra-padding&#8221; column_padding_tablet=&#8221;inherit&#8221; column_padding_phone=&#8221;inherit&#8221; column_padding_position=&#8221;all&#8221; column_element_spacing=&#8221;default&#8221; background_color_opacity=&#8221;1&#8243; background_hover_color_opacity=&#8221;1&#8243; column_shadow=&#8221;none&#8221;...","og_url":"http:\/\/nazwy.etnomuzeum.pl\/?page_id=88","og_site_name":"Muzeum Etnograficzne im. Marii Znamierowskiej-Prufferowej w Toruniu","article_modified_time":"2021-10-26T18:47:05+00:00","twitter_card":"summary_large_image","twitter_misc":{"Est. reading time":"10 minutes"},"schema":{"@context":"https:\/\/schema.org","@graph":[{"@type":"WebSite","@id":"http:\/\/nazwy.etnomuzeum.pl\/#website","url":"http:\/\/nazwy.etnomuzeum.pl\/","name":"Muzeum Etnograficzne im. Marii Znamierowskiej-Prufferowej w Toruniu","description":"Dziedzictwo Niematerialne\/ Ulotne tradycje","potentialAction":[{"@type":"SearchAction","target":{"@type":"EntryPoint","urlTemplate":"http:\/\/nazwy.etnomuzeum.pl\/?s={search_term_string}"},"query-input":"required name=search_term_string"}],"inLanguage":"en-US"},{"@type":"WebPage","@id":"http:\/\/nazwy.etnomuzeum.pl\/?page_id=88#webpage","url":"http:\/\/nazwy.etnomuzeum.pl\/?page_id=88","name":"idea - Muzeum Etnograficzne im. Marii Znamierowskiej-Prufferowej w Toruniu","isPartOf":{"@id":"http:\/\/nazwy.etnomuzeum.pl\/#website"},"datePublished":"2021-10-23T19:09:02+00:00","dateModified":"2021-10-26T18:47:05+00:00","breadcrumb":{"@id":"http:\/\/nazwy.etnomuzeum.pl\/?page_id=88#breadcrumb"},"inLanguage":"en-US","potentialAction":[{"@type":"ReadAction","target":["http:\/\/nazwy.etnomuzeum.pl\/?page_id=88"]}]},{"@type":"BreadcrumbList","@id":"http:\/\/nazwy.etnomuzeum.pl\/?page_id=88#breadcrumb","itemListElement":[{"@type":"ListItem","position":1,"name":"Home","item":"http:\/\/nazwy.etnomuzeum.pl\/"},{"@type":"ListItem","position":2,"name":"idea"}]}]}},"_links":{"self":[{"href":"http:\/\/nazwy.etnomuzeum.pl\/index.php?rest_route=\/wp\/v2\/pages\/88","targetHints":{"allow":["GET"]}}],"collection":[{"href":"http:\/\/nazwy.etnomuzeum.pl\/index.php?rest_route=\/wp\/v2\/pages"}],"about":[{"href":"http:\/\/nazwy.etnomuzeum.pl\/index.php?rest_route=\/wp\/v2\/types\/page"}],"author":[{"embeddable":true,"href":"http:\/\/nazwy.etnomuzeum.pl\/index.php?rest_route=\/wp\/v2\/users\/1"}],"replies":[{"embeddable":true,"href":"http:\/\/nazwy.etnomuzeum.pl\/index.php?rest_route=%2Fwp%2Fv2%2Fcomments&post=88"}],"version-history":[{"count":38,"href":"http:\/\/nazwy.etnomuzeum.pl\/index.php?rest_route=\/wp\/v2\/pages\/88\/revisions"}],"predecessor-version":[{"id":352,"href":"http:\/\/nazwy.etnomuzeum.pl\/index.php?rest_route=\/wp\/v2\/pages\/88\/revisions\/352"}],"wp:attachment":[{"href":"http:\/\/nazwy.etnomuzeum.pl\/index.php?rest_route=%2Fwp%2Fv2%2Fmedia&parent=88"}],"curies":[{"name":"wp","href":"https:\/\/api.w.org\/{rel}","templated":true}]}}